{"id":6938,"date":"2022-05-24T11:37:36","date_gmt":"2022-05-24T11:37:36","guid":{"rendered":"https:\/\/www.villaederamalcesine.com\/gardasee\/?page_id=6938"},"modified":"2025-12-06T10:45:55","modified_gmt":"2025-12-06T10:45:55","slug":"prezzi","status":"publish","type":"page","link":"https:\/\/www.villaederamalcesine.com\/gardasee\/prezzi\/","title":{"rendered":"PREZZI"},"content":{"rendered":"\t\t<div data-elementor-type=\"wp-page\" data-elementor-id=\"6938\" class=\"elementor elementor-6938\">\n\t\t\t\t\t\t<section class=\"elementor-section elementor-top-section elementor-element elementor-element-b748679 elementor-section-stretched elementor-section-content-middle elementor-section-boxed elementor-section-height-default elementor-section-height-default\" data-id=\"b748679\" data-element_type=\"section\" data-e-type=\"section\" data-settings=\"{&quot;stretch_section&quot;:&quot;section-stretched&quot;,&quot;background_background&quot;:&quot;classic&quot;}\">\n\t\t\t\t\t\t\t<div class=\"elementor-background-overlay\"><\/div>\n\t\t\t\t\t\t\t<div class=\"elementor-container elementor-column-gap-default\">\n\t\t\t\t\t<div class=\"elementor-column elementor-col-100 elementor-top-column elementor-element elementor-element-9f4330b\" data-id=\"9f4330b\" data-element_type=\"column\" data-e-type=\"column\">\n\t\t\t<div class=\"elementor-widget-wrap elementor-element-populated\">\n\t\t\t\t\t\t<div class=\"elementor-element elementor-element-5d8803ea elementor-widget elementor-widget-heading\" data-id=\"5d8803ea\" data-element_type=\"widget\" data-e-type=\"widget\" data-widget_type=\"heading.default\">\n\t\t\t\t<div class=\"elementor-widget-container\">\n\t\t\t\t\t<h1 class=\"elementor-heading-title elementor-size-default\">HOTELPREISE 2025<\/h1>\t\t\t\t<\/div>\n\t\t\t\t<\/div>\n\t\t\t\t\t<\/div>\n\t\t<\/div>\n\t\t\t\t\t<\/div>\n\t\t<\/section>\n\t\t\t\t<section class=\"elementor-section elementor-top-section elementor-element elementor-element-71433ac2 elementor-section-content-top elementor-section-stretched elementor-section-boxed elementor-section-height-default elementor-section-height-default\" data-id=\"71433ac2\" data-element_type=\"section\" data-e-type=\"section\" data-settings=\"{&quot;stretch_section&quot;:&quot;section-stretched&quot;,&quot;background_background&quot;:&quot;classic&quot;}\">\n\t\t\t\t\t\t\t<div class=\"elementor-background-overlay\"><\/div>\n\t\t\t\t\t\t\t<div class=\"elementor-container elementor-column-gap-default\">\n\t\t\t\t\t<div class=\"elementor-column elementor-col-100 elementor-top-column elementor-element elementor-element-1a081c18\" data-id=\"1a081c18\" data-element_type=\"column\" data-e-type=\"column\">\n\t\t\t<div class=\"elementor-widget-wrap elementor-element-populated\">\n\t\t\t\t\t\t<div class=\"elementor-element elementor-element-6b7eaff elementor-widget elementor-widget-heading\" data-id=\"6b7eaff\" data-element_type=\"widget\" data-e-type=\"widget\" data-widget_type=\"heading.default\">\n\t\t\t\t<div class=\"elementor-widget-container\">\n\t\t\t\t\t<h5 class=\"elementor-heading-title elementor-size-default\">HOTELPREISE ALBERGO VILLA EDERA<\/h5>\t\t\t\t<\/div>\n\t\t\t\t<\/div>\n\t\t\t\t\t<\/div>\n\t\t<\/div>\n\t\t\t\t\t<\/div>\n\t\t<\/section>\n\t\t\t\t<section class=\"elementor-section elementor-top-section elementor-element elementor-element-99b21fe elementor-section-boxed elementor-section-height-default elementor-section-height-default\" data-id=\"99b21fe\" data-element_type=\"section\" data-e-type=\"section\">\n\t\t\t\t\t\t<div class=\"elementor-container elementor-column-gap-default\">\n\t\t\t\t\t<div class=\"elementor-column elementor-col-100 elementor-top-column elementor-element elementor-element-baf2b0f\" data-id=\"baf2b0f\" data-element_type=\"column\" data-e-type=\"column\">\n\t\t\t<div class=\"elementor-widget-wrap elementor-element-populated\">\n\t\t\t\t\t\t<div class=\"elementor-element elementor-element-20d7599 elementor-widget__width-initial elementor-widget elementor-widget-text-editor\" data-id=\"20d7599\" data-element_type=\"widget\" data-e-type=\"widget\" data-widget_type=\"text-editor.default\">\n\t\t\t\t<div class=\"elementor-widget-container\">\n\t\t\t\t\t\t\t\t\t<table width=\"660\">\n<tbody>\n<tr>\n<td width=\"239\">&nbsp;<\/td>\n<td width=\"239\">&nbsp;<\/td>\n<td width=\"239\">&nbsp;<\/td>\n<td width=\"239\">&nbsp;<\/td>\n<\/tr>\n<\/tbody>\n<\/table>\n<table width=\"660\">\n<tbody>\n<tr>\n<td width=\"239\">&nbsp;<\/td>\n<td width=\"239\">&nbsp;<\/td>\n<td width=\"239\">&nbsp;<\/td>\n<td width=\"239\"><br><\/td><\/tr><\/tbody><\/table>\n<ul>\n<li><span style=\"font-family: var( --e-global-typography-text-font-family ), Sans-serif;\">\u00d6ffnungszeitraum vom 25. April 2026 bis zum 4. Oktober 2026<\/span><\/li><li><span style=\"font-family: var( --e-global-typography-text-font-family ), Sans-serif;\">Preise MIN 51,00 &#8211; MAX 81,00 pro Tag und Person mit Fr\u00fchst\u00fcck (<b>mit Sonderangebot auf Anfrage<\/b>)<\/span><\/li><li>ZUSCHLAG F\u00dcR DOPPELZIMMER MIT ALLEINBEN\u00dcTZUNG von \u20ac 30,00 bis \u20ac 50,00 pro Nach.<\/li>\n<li>WLAN ist in den \u00f6ffentlichen Bereichen nutzbar und ist kostenfrei.<\/li>\n<li>PARKPL\u00c4TZE: Private Parkpl\u00e4tze stehen kostenfrei an der Unterkunft zur Verf\u00fcgung <strong>(Pro Zimmer steht max. 1 Parkplatz )<\/strong><\/li>\n<li>RAUCHEN IN ZIMMER IST VERBOTEN.<\/li>\n<li>Aufpreis f\u00fcr Haustiere Euro 15,00 pro Buchung.<\/li>\n<\/ul>\t\t\t\t\t\t\t\t<\/div>\n\t\t\t\t<\/div>\n\t\t\t\t\t<\/div>\n\t\t<\/div>\n\t\t\t\t\t<\/div>\n\t\t<\/section>\n\t\t\t\t<section class=\"elementor-section elementor-top-section elementor-element elementor-element-df8baf5 elementor-section-boxed elementor-section-height-default elementor-section-height-default\" data-id=\"df8baf5\" data-element_type=\"section\" data-e-type=\"section\">\n\t\t\t\t\t\t<div class=\"elementor-container elementor-column-gap-default\">\n\t\t\t\t\t<div class=\"elementor-column elementor-col-100 elementor-top-column elementor-element elementor-element-980fbac\" data-id=\"980fbac\" data-element_type=\"column\" data-e-type=\"column\">\n\t\t\t<div class=\"elementor-widget-wrap elementor-element-populated\">\n\t\t\t\t\t\t<div class=\"elementor-element elementor-element-91ce7d6 elementor-widget elementor-widget-text-editor\" data-id=\"91ce7d6\" data-element_type=\"widget\" data-e-type=\"widget\" data-widget_type=\"text-editor.default\">\n\t\t\t\t<div class=\"elementor-widget-container\">\n\t\t\t\t\t\t\t\t\t<p><strong>BEI STORNIERUNG DER RESERVIERUNG, \u201cNO-SHOW\u201d ODER BEI VORZEITIGER ABREISE WIRD ES WIE FOLGEND ABGERECHNET:<\/strong><\/p><ul><li>Stornierungen die bis zu 15 Tage vor Anreisedatum erfolgen, sind kostenfrei.<\/li><li>Im Fall einer Stornierung nach dieser Frist oder Nichterscheinen wird die Anzahlung einbehalten.<\/li><li>Bei\u00a0vorzeitiger Abreise\u00a0wird das Hotel den\u00a0ganzen Reservierung-Zeitraum\u00a0auf jeden Fall berechnen.<\/li><\/ul>\t\t\t\t\t\t\t\t<\/div>\n\t\t\t\t<\/div>\n\t\t\t\t\t<\/div>\n\t\t<\/div>\n\t\t\t\t\t<\/div>\n\t\t<\/section>\n\t\t\t\t<section class=\"elementor-section elementor-top-section elementor-element elementor-element-c894995 elementor-section-boxed elementor-section-height-default elementor-section-height-default\" data-id=\"c894995\" data-element_type=\"section\" data-e-type=\"section\">\n\t\t\t\t\t\t<div class=\"elementor-container elementor-column-gap-default\">\n\t\t\t\t\t<div class=\"elementor-column elementor-col-100 elementor-top-column elementor-element elementor-element-f696356\" data-id=\"f696356\" data-element_type=\"column\" data-e-type=\"column\">\n\t\t\t<div class=\"elementor-widget-wrap elementor-element-populated\">\n\t\t\t\t\t\t<div class=\"elementor-element elementor-element-00afb4d elementor-widget elementor-widget-slider_revolution\" data-id=\"00afb4d\" data-element_type=\"widget\" data-e-type=\"widget\" data-widget_type=\"slider_revolution.default\">\n\t\t\t\t<div class=\"elementor-widget-container\">\n\t\t\t\t\t\n\t\t<div class=\"wp-block-themepunch-revslider\">\n\t\t\t<!-- START Team REVOLUTION SLIDER 6.5.14 --><p class=\"rs-p-wp-fix\"><\/p>\n\t\t\t<rs-module-wrap id=\"rev_slider_8_1_wrapper\" data-source=\"gallery\" style=\"visibility:hidden;background:transparent;padding:0;margin:0px auto;margin-top:0;margin-bottom:0;\">\n\t\t\t\t<rs-module id=\"rev_slider_8_1\" style=\"\" data-version=\"6.5.14\">\n\t\t\t\t\t<rs-slides>\n\t\t\t\t\t\t<rs-slide style=\"position: absolute;\" data-key=\"rs-14\" data-title=\"Slide\" data-in=\"o:0;\" data-out=\"a:false;\">\n\t\t\t\t\t\t\t<img decoding=\"async\" src=\"\/\/www.villaederamalcesine.com\/gardasee\/wp-content\/plugins\/revslider\/public\/assets\/assets\/dummy.png\" alt=\"Slide\" title=\"PREZZI\" class=\"rev-slidebg tp-rs-img rs-lazyload\" data-lazyload=\"\/\/www.villaederamalcesine.com\/gardasee\/wp-content\/plugins\/revslider\/public\/assets\/assets\/transparent.png\" data-no-retina>\n<!--\n\t\t\t\t\t\t\t--><rs-group\n\t\t\t\t\t\t\t\tid=\"slider-8-slide-14-layer-49\" \n\t\t\t\t\t\t\t\tdata-type=\"group\"\n\t\t\t\t\t\t\t\tdata-rsp_ch=\"on\"\n\t\t\t\t\t\t\t\tdata-xy=\"x:10px;\"\n\t\t\t\t\t\t\t\tdata-text=\"w:normal;\"\n\t\t\t\t\t\t\t\tdata-dim=\"w:410px;h:400px;\"\n\t\t\t\t\t\t\t\tdata-frame_0=\"o:1;\"\n\t\t\t\t\t\t\t\tdata-frame_999=\"o:0;st:w;sA:9000;\"\n\t\t\t\t\t\t\t\tstyle=\"z-index:19;\"\n\t\t\t\t\t\t\t><rs-bg-elem style=\"background: url('\/\/www.villaederamalcesine.com\/gardasee\/wp-content\/uploads\/2021\/11\/bg-1.jpg') no-repeat center center; background-size: cover;\"><\/rs-bg-elem>\n<!--\n\t\t\t\t\t\t\t\t--><h3\n\t\t\t\t\t\t\t\t\tid=\"slider-8-slide-14-layer-50\" \n\t\t\t\t\t\t\t\t\tclass=\"rs-layer\"\n\t\t\t\t\t\t\t\t\tdata-type=\"text\"\n\t\t\t\t\t\t\t\t\tdata-color=\"#ffffff\"\n\t\t\t\t\t\t\t\t\tdata-rsp_ch=\"on\"\n\t\t\t\t\t\t\t\t\tdata-xy=\"x:40px;y:127px;\"\n\t\t\t\t\t\t\t\t\tdata-text=\"w:normal;s:33;ls:2px;\"\n\t\t\t\t\t\t\t\t\tdata-frame_999=\"o:0;st:w;\"\n\t\t\t\t\t\t\t\t\tstyle=\"z-index:12;font-family:'Playfair Display';\"\n\t\t\t\t\t\t\t\t>VILLA EDERA \n\t\t\t\t\t\t\t\t<\/h3><!--\n\n\t\t\t\t\t\t\t\t--><p\n\t\t\t\t\t\t\t\t\tid=\"slider-8-slide-14-layer-51\" \n\t\t\t\t\t\t\t\t\tclass=\"rs-layer\"\n\t\t\t\t\t\t\t\t\tdata-type=\"text\"\n\t\t\t\t\t\t\t\t\tdata-color=\"#ffffff\"\n\t\t\t\t\t\t\t\t\tdata-rsp_ch=\"on\"\n\t\t\t\t\t\t\t\t\tdata-xy=\"x:39px;y:171px;\"\n\t\t\t\t\t\t\t\t\tdata-text=\"w:normal;s:14;l:30;ls:2px;\"\n\t\t\t\t\t\t\t\t\tdata-dim=\"w:320px;\"\n\t\t\t\t\t\t\t\t\tdata-frame_999=\"o:0;st:w;\"\n\t\t\t\t\t\t\t\t\tstyle=\"z-index:13;font-family:'Roboto';\"\n\t\t\t\t\t\t\t\t>Umgeben von viel Gr\u00fcn und ca. 10 Gehminuten vom Zentrum Malcesines entfernt \n\t\t\t\t\t\t\t\t<\/p><!--\n\n\t\t\t\t\t\t\t\t--><h6\n\t\t\t\t\t\t\t\t\tid=\"slider-8-slide-14-layer-60\" \n\t\t\t\t\t\t\t\t\tclass=\"rs-layer\"\n\t\t\t\t\t\t\t\t\tdata-type=\"text\"\n\t\t\t\t\t\t\t\t\tdata-color=\"#ffffff\"\n\t\t\t\t\t\t\t\t\tdata-rsp_ch=\"on\"\n\t\t\t\t\t\t\t\t\tdata-xy=\"x:40px;y:81px;\"\n\t\t\t\t\t\t\t\t\tdata-text=\"w:normal;s:12;l:30;ls:4px;\"\n\t\t\t\t\t\t\t\t\tdata-frame_999=\"o:0;st:w;\"\n\t\t\t\t\t\t\t\t\tstyle=\"z-index:14;font-family:'Roboto';\"\n\t\t\t\t\t\t\t\t>HOTEL  \n\t\t\t\t\t\t\t\t<\/h6><!--\n\n\t\t\t\t\t\t\t\t--><rs-layer\n\t\t\t\t\t\t\t\t\tid=\"slider-8-slide-14-layer-63\" \n\t\t\t\t\t\t\t\t\tdata-type=\"image\"\n\t\t\t\t\t\t\t\t\tdata-rsp_ch=\"on\"\n\t\t\t\t\t\t\t\t\tdata-xy=\"x:40px;y:300px;\"\n\t\t\t\t\t\t\t\t\tdata-text=\"w:normal;\"\n\t\t\t\t\t\t\t\t\tdata-dim=\"w:20px;h:20px;\"\n\t\t\t\t\t\t\t\t\tdata-frame_999=\"o:0;st:w;\"\n\t\t\t\t\t\t\t\t\tstyle=\"z-index:17;\"\n\t\t\t\t\t\t\t\t><img decoding=\"async\" src=\"\/\/www.villaederamalcesine.com\/gardasee\/wp-content\/plugins\/revslider\/public\/assets\/assets\/dummy.png\" alt=\"facebook\" class=\"tp-rs-img rs-lazyload\" width=\"100\" height=\"100\" data-lazyload=\"\/\/www.villaederamalcesine.com\/gardasee\/wp-content\/uploads\/2021\/03\/social-white-4.png\" data-no-retina> \n\t\t\t\t\t\t\t\t<\/rs-layer><!--\n\t\t\t\t\t\t\t--><\/rs-group><!--\n\n\t\t\t\t\t\t\t--><rs-group\n\t\t\t\t\t\t\t\tid=\"slider-8-slide-14-layer-66\" \n\t\t\t\t\t\t\t\tdata-type=\"group\"\n\t\t\t\t\t\t\t\tdata-rsp_ch=\"on\"\n\t\t\t\t\t\t\t\tdata-xy=\"x:r;y:b;\"\n\t\t\t\t\t\t\t\tdata-text=\"w:normal;\"\n\t\t\t\t\t\t\t\tdata-dim=\"w:410px;h:400px;\"\n\t\t\t\t\t\t\t\tdata-frame_0=\"o:1;\"\n\t\t\t\t\t\t\t\tdata-frame_999=\"o:0;st:w;sA:9000;\"\n\t\t\t\t\t\t\t\tstyle=\"z-index:27;\"\n\t\t\t\t\t\t\t><rs-bg-elem style=\"background: url('\/\/www.villaederamalcesine.com\/gardasee\/wp-content\/uploads\/2021\/11\/bg-2.jpg') no-repeat center center; background-size: cover;\"><\/rs-bg-elem>\n<!--\n\t\t\t\t\t\t\t\t--><h3\n\t\t\t\t\t\t\t\t\tid=\"slider-8-slide-14-layer-68\" \n\t\t\t\t\t\t\t\t\tclass=\"rs-layer\"\n\t\t\t\t\t\t\t\t\tdata-type=\"text\"\n\t\t\t\t\t\t\t\t\tdata-color=\"#ffffff\"\n\t\t\t\t\t\t\t\t\tdata-rsp_ch=\"on\"\n\t\t\t\t\t\t\t\t\tdata-xy=\"x:40px;y:127px;\"\n\t\t\t\t\t\t\t\t\tdata-text=\"w:normal;s:33;ls:2px;\"\n\t\t\t\t\t\t\t\t\tdata-frame_999=\"o:0;st:w;\"\n\t\t\t\t\t\t\t\t\tstyle=\"z-index:20;font-family:'Playfair Display';\"\n\t\t\t\t\t\t\t\t>FR\u00dcHST\u00dcCK \n\t\t\t\t\t\t\t\t<\/h3><!--\n\n\t\t\t\t\t\t\t\t--><p\n\t\t\t\t\t\t\t\t\tid=\"slider-8-slide-14-layer-69\" \n\t\t\t\t\t\t\t\t\tclass=\"rs-layer\"\n\t\t\t\t\t\t\t\t\tdata-type=\"text\"\n\t\t\t\t\t\t\t\t\tdata-color=\"#ffffff\"\n\t\t\t\t\t\t\t\t\tdata-rsp_ch=\"on\"\n\t\t\t\t\t\t\t\t\tdata-xy=\"x:39px;y:171px;\"\n\t\t\t\t\t\t\t\t\tdata-text=\"w:normal;s:14;l:30;ls:2px;\"\n\t\t\t\t\t\t\t\t\tdata-dim=\"w:320px;\"\n\t\t\t\t\t\t\t\t\tdata-frame_999=\"o:0;st:w;\"\n\t\t\t\t\t\t\t\t\tstyle=\"z-index:5;font-family:'Roboto';\"\n\t\t\t\t\t\t\t\t>Das Hotel Villa Edera serviert morgens ein kontinentales Fr\u00fchst\u00fccksbuffet \n\t\t\t\t\t\t\t\t<\/p><!--\n\n\t\t\t\t\t\t\t\t--><h6\n\t\t\t\t\t\t\t\t\tid=\"slider-8-slide-14-layer-70\" \n\t\t\t\t\t\t\t\t\tclass=\"rs-layer\"\n\t\t\t\t\t\t\t\t\tdata-type=\"text\"\n\t\t\t\t\t\t\t\t\tdata-color=\"#ffffff\"\n\t\t\t\t\t\t\t\t\tdata-rsp_ch=\"on\"\n\t\t\t\t\t\t\t\t\tdata-xy=\"x:40px;y:81px;\"\n\t\t\t\t\t\t\t\t\tdata-text=\"w:normal;s:12;l:30;ls:4px;\"\n\t\t\t\t\t\t\t\t\tdata-frame_999=\"o:0;st:w;\"\n\t\t\t\t\t\t\t\t\tstyle=\"z-index:22;font-family:'Roboto';\"\n\t\t\t\t\t\t\t\t>FR\u00dcHST\u00dcCKSBEREICH \n\t\t\t\t\t\t\t\t<\/h6><!--\n\t\t\t\t\t\t\t--><\/rs-group><!--\n\n\t\t\t\t\t\t\t--><rs-layer\n\t\t\t\t\t\t\t\tid=\"slider-8-slide-14-layer-1\" \n\t\t\t\t\t\t\t\tdata-type=\"shape\"\n\t\t\t\t\t\t\t\tdata-rsp_ch=\"on\"\n\t\t\t\t\t\t\t\tdata-xy=\"x:10px;y:b;\"\n\t\t\t\t\t\t\t\tdata-text=\"w:normal;\"\n\t\t\t\t\t\t\t\tdata-dim=\"w:400px;h:400px;\"\n\t\t\t\t\t\t\t\tdata-frame_999=\"o:0;st:w;\"\n\t\t\t\t\t\t\t\tstyle=\"z-index:11;\"\n\t\t\t\t\t\t\t><rs-bg-elem style=\"background: url('\/\/www.villaederamalcesine.com\/gardasee\/wp-content\/uploads\/2022\/05\/07.jpg') no-repeat center center; background-size: cover;\"><\/rs-bg-elem>\n \n\t\t\t\t\t\t\t<\/rs-layer><!--\n\n\t\t\t\t\t\t\t--><rs-layer\n\t\t\t\t\t\t\t\tid=\"slider-8-slide-14-layer-48\" \n\t\t\t\t\t\t\t\tdata-type=\"shape\"\n\t\t\t\t\t\t\t\tdata-rsp_ch=\"on\"\n\t\t\t\t\t\t\t\tdata-xy=\"x:430px;y:b;\"\n\t\t\t\t\t\t\t\tdata-text=\"w:normal;\"\n\t\t\t\t\t\t\t\tdata-dim=\"w:400px;h:400px;\"\n\t\t\t\t\t\t\t\tdata-frame_999=\"o:0;st:w;\"\n\t\t\t\t\t\t\t\tstyle=\"z-index:10;\"\n\t\t\t\t\t\t\t><rs-bg-elem style=\"background: url('\/\/www.villaederamalcesine.com\/gardasee\/wp-content\/uploads\/2022\/05\/01.jpg') no-repeat right center; background-size: cover;\"><\/rs-bg-elem>\n \n\t\t\t\t\t\t\t<\/rs-layer><!--\n\n\t\t\t\t\t\t\t--><rs-layer\n\t\t\t\t\t\t\t\tid=\"slider-8-slide-14-layer-56\" \n\t\t\t\t\t\t\t\tdata-type=\"shape\"\n\t\t\t\t\t\t\t\tdata-rsp_ch=\"on\"\n\t\t\t\t\t\t\t\tdata-xy=\"x:420px;\"\n\t\t\t\t\t\t\t\tdata-text=\"w:normal;\"\n\t\t\t\t\t\t\t\tdata-dim=\"w:410px;h:400px;\"\n\t\t\t\t\t\t\t\tdata-frame_999=\"o:0;st:w;\"\n\t\t\t\t\t\t\t\tstyle=\"z-index:9;\"\n\t\t\t\t\t\t\t><rs-bg-elem style=\"background: url('\/\/www.villaederamalcesine.com\/gardasee\/wp-content\/uploads\/2022\/05\/08.jpg') no-repeat left center; background-size: cover;\"><\/rs-bg-elem>\n \n\t\t\t\t\t\t\t<\/rs-layer><!--\n\n\t\t\t\t\t\t\t--><rs-layer\n\t\t\t\t\t\t\t\tid=\"slider-8-slide-14-layer-57\" \n\t\t\t\t\t\t\t\tdata-type=\"shape\"\n\t\t\t\t\t\t\t\tdata-rsp_ch=\"on\"\n\t\t\t\t\t\t\t\tdata-xy=\"x:r;xo:11px;\"\n\t\t\t\t\t\t\t\tdata-text=\"w:normal;\"\n\t\t\t\t\t\t\t\tdata-dim=\"w:400px;h:400px;\"\n\t\t\t\t\t\t\t\tdata-frame_999=\"o:0;st:w;\"\n\t\t\t\t\t\t\t\tstyle=\"z-index:8;\"\n\t\t\t\t\t\t\t><rs-bg-elem style=\"background: url('\/\/www.villaederamalcesine.com\/gardasee\/wp-content\/uploads\/2022\/05\/06.jpg') no-repeat center center; background-size: cover;\"><\/rs-bg-elem>\n \n\t\t\t\t\t\t\t<\/rs-layer><!--\n-->\t\t\t\t\t\t<\/rs-slide>\n\t\t\t\t\t\t<rs-slide style=\"position: absolute;\" data-key=\"rs-15\" data-title=\"Slide\" data-in=\"o:0;\" data-out=\"a:false;\">\n\t\t\t\t\t\t\t<img decoding=\"async\" src=\"\/\/www.villaederamalcesine.com\/gardasee\/wp-content\/plugins\/revslider\/public\/assets\/assets\/dummy.png\" alt=\"Slide\" title=\"PREZZI\" class=\"rev-slidebg tp-rs-img rs-lazyload\" data-lazyload=\"\/\/www.villaederamalcesine.com\/gardasee\/wp-content\/plugins\/revslider\/public\/assets\/assets\/transparent.png\" data-no-retina>\n<!--\n\t\t\t\t\t\t\t--><rs-group\n\t\t\t\t\t\t\t\tid=\"slider-8-slide-15-layer-66\" \n\t\t\t\t\t\t\t\tdata-type=\"group\"\n\t\t\t\t\t\t\t\tdata-rsp_ch=\"on\"\n\t\t\t\t\t\t\t\tdata-xy=\"x:r;y:b;yo:-1px;\"\n\t\t\t\t\t\t\t\tdata-text=\"w:normal;\"\n\t\t\t\t\t\t\t\tdata-dim=\"w:410px;h:400px;\"\n\t\t\t\t\t\t\t\tdata-frame_0=\"o:1;\"\n\t\t\t\t\t\t\t\tdata-frame_999=\"o:0;st:w;sA:9000;\"\n\t\t\t\t\t\t\t\tstyle=\"z-index:20;\"\n\t\t\t\t\t\t\t><rs-bg-elem style=\"background: url('\/\/www.villaederamalcesine.com\/gardasee\/wp-content\/uploads\/2021\/11\/bg-1.jpg') no-repeat center center; background-size: cover;\"><\/rs-bg-elem>\n<!--\n\t\t\t\t\t\t\t\t--><h3\n\t\t\t\t\t\t\t\t\tid=\"slider-8-slide-15-layer-68\" \n\t\t\t\t\t\t\t\t\tclass=\"rs-layer\"\n\t\t\t\t\t\t\t\t\tdata-type=\"text\"\n\t\t\t\t\t\t\t\t\tdata-color=\"#ffffff\"\n\t\t\t\t\t\t\t\t\tdata-rsp_ch=\"on\"\n\t\t\t\t\t\t\t\t\tdata-xy=\"x:27px;y:126px;\"\n\t\t\t\t\t\t\t\t\tdata-text=\"w:normal;s:33;ls:2px;\"\n\t\t\t\t\t\t\t\t\tdata-frame_999=\"o:0;st:w;\"\n\t\t\t\t\t\t\t\t\tstyle=\"z-index:13;font-family:'Playfair Display';\"\n\t\t\t\t\t\t\t\t>F\u00dcR DEINEN URLAUB \n\t\t\t\t\t\t\t\t<\/h3><!--\n\n\t\t\t\t\t\t\t\t--><p\n\t\t\t\t\t\t\t\t\tid=\"slider-8-slide-15-layer-69\" \n\t\t\t\t\t\t\t\t\tclass=\"rs-layer\"\n\t\t\t\t\t\t\t\t\tdata-type=\"text\"\n\t\t\t\t\t\t\t\t\tdata-color=\"#ffffff\"\n\t\t\t\t\t\t\t\t\tdata-rsp_ch=\"on\"\n\t\t\t\t\t\t\t\t\tdata-xy=\"x:39px;y:171px;\"\n\t\t\t\t\t\t\t\t\tdata-text=\"w:normal;s:14;l:30;ls:2px;\"\n\t\t\t\t\t\t\t\t\tdata-dim=\"w:320px;\"\n\t\t\t\t\t\t\t\t\tdata-frame_999=\"o:0;st:w;\"\n\t\t\t\t\t\t\t\t\tstyle=\"z-index:14;font-family:'Roboto';\"\n\t\t\t\t\t\t\t\t>Neben kostenfreien Parkpl\u00e4tzen bietet das familiengef\u00fchrte Albergo Villa Edera einen unverbauten Blick auf den Gardasee. \n\t\t\t\t\t\t\t\t<\/p><!--\n\n\t\t\t\t\t\t\t\t--><h6\n\t\t\t\t\t\t\t\t\tid=\"slider-8-slide-15-layer-70\" \n\t\t\t\t\t\t\t\t\tclass=\"rs-layer\"\n\t\t\t\t\t\t\t\t\tdata-type=\"text\"\n\t\t\t\t\t\t\t\t\tdata-color=\"#ffffff\"\n\t\t\t\t\t\t\t\t\tdata-rsp_ch=\"on\"\n\t\t\t\t\t\t\t\t\tdata-xy=\"x:40px;y:81px;\"\n\t\t\t\t\t\t\t\t\tdata-text=\"w:normal;s:12;l:30;ls:4px;\"\n\t\t\t\t\t\t\t\t\tdata-frame_999=\"o:0;st:w;\"\n\t\t\t\t\t\t\t\t\tstyle=\"z-index:15;font-family:'Roboto';\"\n\t\t\t\t\t\t\t\t>RELAX \n\t\t\t\t\t\t\t\t<\/h6><!--\n\t\t\t\t\t\t\t--><\/rs-group><!--\n\n\t\t\t\t\t\t\t--><rs-layer\n\t\t\t\t\t\t\t\tid=\"slider-8-slide-15-layer-1\" \n\t\t\t\t\t\t\t\tdata-type=\"shape\"\n\t\t\t\t\t\t\t\tdata-rsp_ch=\"on\"\n\t\t\t\t\t\t\t\tdata-xy=\"x:1px;y:b;\"\n\t\t\t\t\t\t\t\tdata-text=\"w:normal;\"\n\t\t\t\t\t\t\t\tdata-dim=\"w:410px;h:400px;\"\n\t\t\t\t\t\t\t\tdata-frame_999=\"o:0;st:w;\"\n\t\t\t\t\t\t\t\tstyle=\"z-index:12;\"\n\t\t\t\t\t\t\t><rs-bg-elem style=\"background: url('\/\/www.villaederamalcesine.com\/gardasee\/wp-content\/uploads\/2022\/05\/10.jpg') no-repeat center center; background-size: cover;\"><\/rs-bg-elem>\n \n\t\t\t\t\t\t\t<\/rs-layer><!--\n\n\t\t\t\t\t\t\t--><rs-layer\n\t\t\t\t\t\t\t\tid=\"slider-8-slide-15-layer-48\" \n\t\t\t\t\t\t\t\tdata-type=\"shape\"\n\t\t\t\t\t\t\t\tdata-rsp_ch=\"on\"\n\t\t\t\t\t\t\t\tdata-xy=\"x:430px;y:b;\"\n\t\t\t\t\t\t\t\tdata-text=\"w:normal;\"\n\t\t\t\t\t\t\t\tdata-dim=\"w:400px;h:400px;\"\n\t\t\t\t\t\t\t\tdata-frame_999=\"o:0;st:w;\"\n\t\t\t\t\t\t\t\tstyle=\"z-index:11;\"\n\t\t\t\t\t\t\t><rs-bg-elem style=\"background: url('\/\/www.villaederamalcesine.com\/gardasee\/wp-content\/uploads\/2022\/05\/14.jpg') no-repeat center center; background-size: cover;\"><\/rs-bg-elem>\n \n\t\t\t\t\t\t\t<\/rs-layer><!--\n\n\t\t\t\t\t\t\t--><rs-layer\n\t\t\t\t\t\t\t\tid=\"slider-8-slide-15-layer-56\" \n\t\t\t\t\t\t\t\tdata-type=\"shape\"\n\t\t\t\t\t\t\t\tdata-rsp_ch=\"on\"\n\t\t\t\t\t\t\t\tdata-xy=\"x:430px;\"\n\t\t\t\t\t\t\t\tdata-text=\"w:normal;\"\n\t\t\t\t\t\t\t\tdata-dim=\"w:400px;h:400px;\"\n\t\t\t\t\t\t\t\tdata-frame_999=\"o:0;st:w;\"\n\t\t\t\t\t\t\t\tstyle=\"z-index:10;background-color:#f1a822;\"\n\t\t\t\t\t\t\t><rs-bg-elem style=\"background: url('\/\/www.villaederamalcesine.com\/gardasee\/wp-content\/uploads\/2022\/05\/02.jpg') no-repeat center center; background-size: cover;\"><\/rs-bg-elem>\n \n\t\t\t\t\t\t\t<\/rs-layer><!--\n\n\t\t\t\t\t\t\t--><rs-layer\n\t\t\t\t\t\t\t\tid=\"slider-8-slide-15-layer-57\" \n\t\t\t\t\t\t\t\tdata-type=\"shape\"\n\t\t\t\t\t\t\t\tdata-rsp_ch=\"on\"\n\t\t\t\t\t\t\t\tdata-xy=\"x:r;xo:10px;\"\n\t\t\t\t\t\t\t\tdata-text=\"w:normal;\"\n\t\t\t\t\t\t\t\tdata-dim=\"w:400px;h:400px;\"\n\t\t\t\t\t\t\t\tdata-frame_999=\"o:0;st:w;\"\n\t\t\t\t\t\t\t\tstyle=\"z-index:8;\"\n\t\t\t\t\t\t\t><rs-bg-elem style=\"background: url('\/\/www.villaederamalcesine.com\/gardasee\/wp-content\/uploads\/2022\/05\/05.jpg') no-repeat center center; background-size: cover;\"><\/rs-bg-elem>\n \n\t\t\t\t\t\t\t<\/rs-layer><!--\n\n\t\t\t\t\t\t\t--><rs-layer\n\t\t\t\t\t\t\t\tid=\"slider-8-slide-15-layer-75\" \n\t\t\t\t\t\t\t\tdata-type=\"shape\"\n\t\t\t\t\t\t\t\tdata-rsp_ch=\"on\"\n\t\t\t\t\t\t\t\tdata-xy=\"x:10px;\"\n\t\t\t\t\t\t\t\tdata-text=\"w:normal;\"\n\t\t\t\t\t\t\t\tdata-dim=\"w:400px;h:400px;\"\n\t\t\t\t\t\t\t\tdata-frame_999=\"o:0;st:w;\"\n\t\t\t\t\t\t\t\tstyle=\"z-index:9;background-color:#f1a822;\"\n\t\t\t\t\t\t\t><rs-bg-elem style=\"background: url('\/\/www.villaederamalcesine.com\/gardasee\/wp-content\/uploads\/2022\/05\/11.jpg') no-repeat center center; background-size: cover;\"><\/rs-bg-elem>\n \n\t\t\t\t\t\t\t<\/rs-layer><!--\n-->\t\t\t\t\t\t<\/rs-slide>\n\t\t\t\t\t\t<rs-slide style=\"position: absolute;\" data-key=\"rs-16\" data-title=\"Slide\" data-in=\"o:0;\" data-out=\"a:false;\">\n\t\t\t\t\t\t\t<img decoding=\"async\" src=\"\/\/www.villaederamalcesine.com\/gardasee\/wp-content\/plugins\/revslider\/public\/assets\/assets\/dummy.png\" alt=\"Slide\" title=\"PREZZI\" class=\"rev-slidebg tp-rs-img rs-lazyload\" data-lazyload=\"\/\/www.villaederamalcesine.com\/gardasee\/wp-content\/plugins\/revslider\/public\/assets\/assets\/transparent.png\" data-no-retina>\n<!--\n\t\t\t\t\t\t\t--><rs-group\n\t\t\t\t\t\t\t\tid=\"slider-8-slide-16-layer-49\" \n\t\t\t\t\t\t\t\tdata-type=\"group\"\n\t\t\t\t\t\t\t\tdata-rsp_ch=\"on\"\n\t\t\t\t\t\t\t\tdata-xy=\"x:10px;\"\n\t\t\t\t\t\t\t\tdata-text=\"w:normal;\"\n\t\t\t\t\t\t\t\tdata-dim=\"w:410px;h:400px;\"\n\t\t\t\t\t\t\t\tdata-frame_0=\"o:1;\"\n\t\t\t\t\t\t\t\tdata-frame_999=\"o:0;st:w;sA:9000;\"\n\t\t\t\t\t\t\t\tstyle=\"z-index:20;\"\n\t\t\t\t\t\t\t><rs-bg-elem style=\"background: url('\/\/www.villaederamalcesine.com\/gardasee\/wp-content\/uploads\/2021\/11\/bg-2.jpg') no-repeat center center; background-size: cover;\"><\/rs-bg-elem>\n<!--\n\t\t\t\t\t\t\t\t--><h3\n\t\t\t\t\t\t\t\t\tid=\"slider-8-slide-16-layer-50\" \n\t\t\t\t\t\t\t\t\tclass=\"rs-layer\"\n\t\t\t\t\t\t\t\t\tdata-type=\"text\"\n\t\t\t\t\t\t\t\t\tdata-color=\"#ffffff\"\n\t\t\t\t\t\t\t\t\tdata-rsp_ch=\"on\"\n\t\t\t\t\t\t\t\t\tdata-xy=\"x:40px;y:127px;\"\n\t\t\t\t\t\t\t\t\tdata-text=\"w:normal;s:33;ls:2px;\"\n\t\t\t\t\t\t\t\t\tdata-frame_999=\"o:0;st:w;\"\n\t\t\t\t\t\t\t\t\tstyle=\"z-index:13;font-family:'Playfair Display';\"\n\t\t\t\t\t\t\t\t>GARDASEE \n\t\t\t\t\t\t\t\t<\/h3><!--\n\n\t\t\t\t\t\t\t\t--><p\n\t\t\t\t\t\t\t\t\tid=\"slider-8-slide-16-layer-51\" \n\t\t\t\t\t\t\t\t\tclass=\"rs-layer\"\n\t\t\t\t\t\t\t\t\tdata-type=\"text\"\n\t\t\t\t\t\t\t\t\tdata-color=\"#ffffff\"\n\t\t\t\t\t\t\t\t\tdata-rsp_ch=\"on\"\n\t\t\t\t\t\t\t\t\tdata-xy=\"x:39px;y:171px;\"\n\t\t\t\t\t\t\t\t\tdata-text=\"w:normal;s:14;l:30;ls:2px;\"\n\t\t\t\t\t\t\t\t\tdata-dim=\"w:320px;\"\n\t\t\t\t\t\t\t\t\tdata-frame_999=\"o:0;st:w;\"\n\t\t\t\t\t\t\t\t\tstyle=\"z-index:14;font-family:'Roboto';\"\n\t\t\t\t\t\t\t\t>Den Gardasee entdecken, zwischen Sport und Kultur, die Sie in unserer Gegend entdecken k\u00f6nnen. Planen Sie mit uns Ihren n\u00e4chsten Sporturlaub. \n\t\t\t\t\t\t\t\t<\/p><!--\n\n\t\t\t\t\t\t\t\t--><h6\n\t\t\t\t\t\t\t\t\tid=\"slider-8-slide-16-layer-60\" \n\t\t\t\t\t\t\t\t\tclass=\"rs-layer\"\n\t\t\t\t\t\t\t\t\tdata-type=\"text\"\n\t\t\t\t\t\t\t\t\tdata-color=\"#ffffff\"\n\t\t\t\t\t\t\t\t\tdata-rsp_ch=\"on\"\n\t\t\t\t\t\t\t\t\tdata-xy=\"x:40px;y:81px;\"\n\t\t\t\t\t\t\t\t\tdata-text=\"w:normal;s:12;l:30;ls:4px;\"\n\t\t\t\t\t\t\t\t\tdata-frame_999=\"o:0;st:w;\"\n\t\t\t\t\t\t\t\t\tstyle=\"z-index:15;font-family:'Roboto';\"\n\t\t\t\t\t\t\t\t>SPORT & CULTURA \n\t\t\t\t\t\t\t\t<\/h6><!--\n\t\t\t\t\t\t\t--><\/rs-group><!--\n\n\t\t\t\t\t\t\t--><rs-layer\n\t\t\t\t\t\t\t\tid=\"slider-8-slide-16-layer-1\" \n\t\t\t\t\t\t\t\tdata-type=\"shape\"\n\t\t\t\t\t\t\t\tdata-rsp_ch=\"on\"\n\t\t\t\t\t\t\t\tdata-xy=\"y:b;\"\n\t\t\t\t\t\t\t\tdata-text=\"w:normal;\"\n\t\t\t\t\t\t\t\tdata-dim=\"w:410px;h:400px;\"\n\t\t\t\t\t\t\t\tdata-frame_999=\"o:0;st:w;\"\n\t\t\t\t\t\t\t\tstyle=\"z-index:12;\"\n\t\t\t\t\t\t\t><rs-bg-elem style=\"background: url('\/\/www.villaederamalcesine.com\/gardasee\/wp-content\/uploads\/2022\/05\/13.jpg') no-repeat center center; background-size: cover;\"><\/rs-bg-elem>\n \n\t\t\t\t\t\t\t<\/rs-layer><!--\n\n\t\t\t\t\t\t\t--><rs-layer\n\t\t\t\t\t\t\t\tid=\"slider-8-slide-16-layer-48\" \n\t\t\t\t\t\t\t\tdata-type=\"shape\"\n\t\t\t\t\t\t\t\tdata-rsp_ch=\"on\"\n\t\t\t\t\t\t\t\tdata-xy=\"x:431px;y:b;\"\n\t\t\t\t\t\t\t\tdata-text=\"w:normal;\"\n\t\t\t\t\t\t\t\tdata-dim=\"w:400px;h:400px;\"\n\t\t\t\t\t\t\t\tdata-frame_999=\"o:0;st:w;\"\n\t\t\t\t\t\t\t\tstyle=\"z-index:11;background-color:#f1a822;\"\n\t\t\t\t\t\t\t><rs-bg-elem style=\"background: url('\/\/www.villaederamalcesine.com\/gardasee\/wp-content\/uploads\/2022\/05\/12.jpg') no-repeat center center; background-size: cover;\"><\/rs-bg-elem>\n \n\t\t\t\t\t\t\t<\/rs-layer><!--\n\n\t\t\t\t\t\t\t--><rs-layer\n\t\t\t\t\t\t\t\tid=\"slider-8-slide-16-layer-56\" \n\t\t\t\t\t\t\t\tdata-type=\"shape\"\n\t\t\t\t\t\t\t\tdata-rsp_ch=\"on\"\n\t\t\t\t\t\t\t\tdata-xy=\"x:420px;\"\n\t\t\t\t\t\t\t\tdata-text=\"w:normal;\"\n\t\t\t\t\t\t\t\tdata-dim=\"w:410px;h:400px;\"\n\t\t\t\t\t\t\t\tdata-frame_999=\"o:0;st:w;\"\n\t\t\t\t\t\t\t\tstyle=\"z-index:9;\"\n\t\t\t\t\t\t\t><rs-bg-elem style=\"background: url('\/\/www.villaederamalcesine.com\/gardasee\/wp-content\/uploads\/2022\/05\/15.jpg') no-repeat center center; background-size: cover;\"><\/rs-bg-elem>\n \n\t\t\t\t\t\t\t<\/rs-layer><!--\n\n\t\t\t\t\t\t\t--><rs-layer\n\t\t\t\t\t\t\t\tid=\"slider-8-slide-16-layer-57\" \n\t\t\t\t\t\t\t\tdata-type=\"shape\"\n\t\t\t\t\t\t\t\tdata-rsp_ch=\"on\"\n\t\t\t\t\t\t\t\tdata-xy=\"x:r;xo:10px;\"\n\t\t\t\t\t\t\t\tdata-text=\"w:normal;\"\n\t\t\t\t\t\t\t\tdata-dim=\"w:400px;h:400px;\"\n\t\t\t\t\t\t\t\tdata-frame_999=\"o:0;st:w;\"\n\t\t\t\t\t\t\t\tstyle=\"z-index:8;\"\n\t\t\t\t\t\t\t><rs-bg-elem style=\"background: url('\/\/www.villaederamalcesine.com\/gardasee\/wp-content\/uploads\/2022\/05\/16.jpg') no-repeat center center; background-size: cover;\"><\/rs-bg-elem>\n \n\t\t\t\t\t\t\t<\/rs-layer><!--\n\n\t\t\t\t\t\t\t--><rs-layer\n\t\t\t\t\t\t\t\tid=\"slider-8-slide-16-layer-74\" \n\t\t\t\t\t\t\t\tdata-type=\"shape\"\n\t\t\t\t\t\t\t\tdata-rsp_ch=\"on\"\n\t\t\t\t\t\t\t\tdata-xy=\"x:r;xo:10px;y:b;\"\n\t\t\t\t\t\t\t\tdata-text=\"w:normal;\"\n\t\t\t\t\t\t\t\tdata-dim=\"w:400px;h:400px;\"\n\t\t\t\t\t\t\t\tdata-frame_999=\"o:0;st:w;\"\n\t\t\t\t\t\t\t\tstyle=\"z-index:10;\"\n\t\t\t\t\t\t\t><rs-bg-elem style=\"background: url('\/\/www.villaederamalcesine.com\/gardasee\/wp-content\/uploads\/2022\/05\/fotoesterno02.jpeg') no-repeat center center; background-size: cover;\"><\/rs-bg-elem>\n \n\t\t\t\t\t\t\t<\/rs-layer><!--\n-->\t\t\t\t\t\t<\/rs-slide>\n\t\t\t\t\t<\/rs-slides>\n\t\t\t\t<\/rs-module>\n\t\t\t\t<script>\n\t\t\t\t\tsetREVStartSize({c: 'rev_slider_8_1',rl:[1240,1024,778,480],el:[820],gw:[1260],gh:[820],type:'carousel',justify:'',layout:'fullwidth',mh:\"0\"});if (window.RS_MODULES!==undefined && window.RS_MODULES.modules!==undefined && window.RS_MODULES.modules[\"revslider81\"]!==undefined) {window.RS_MODULES.modules[\"revslider81\"].once = false;window.revapi8 = undefined;if (window.RS_MODULES.checkMinimal!==undefined) window.RS_MODULES.checkMinimal()}\n\t\t\t\t<\/script>\n\t\t\t<\/rs-module-wrap>\n\t\t\t<!-- END REVOLUTION SLIDER -->\n<\/div>\n\n\t\t\t\t\t\t<\/div>\n\t\t\t\t<\/div>\n\t\t\t\t\t<\/div>\n\t\t<\/div>\n\t\t\t\t\t<\/div>\n\t\t<\/section>\n\t\t\t\t<\/div>\n\t\t","protected":false},"excerpt":{"rendered":"<p>HOTELPREISE 2025 HOTELPREISE ALBERGO VILLA EDERA &nbsp; &nbsp; &nbsp; &nbsp; &nbsp; &nbsp; &nbsp; \u00d6ffnungszeitraum vom 25. April 2026 bis zum 4. Oktober 2026 Preise MIN 51,00 &#8211; MAX 81,00 pro Tag und Person mit Fr\u00fchst\u00fcck (mit Sonderangebot auf Anfrage) ZUSCHLAG F\u00dcR DOPPELZIMMER MIT ALLEINBEN\u00dcTZUNG von \u20ac 30,00 bis \u20ac 50,00 pro Nach. WLAN ist in [&hellip;]<\/p>\n","protected":false},"author":1,"featured_media":0,"parent":0,"menu_order":0,"comment_status":"closed","ping_status":"closed","template":"","meta":{"footnotes":""},"class_list":["post-6938","page","type-page","status-publish","hentry"],"_links":{"self":[{"href":"https:\/\/www.villaederamalcesine.com\/gardasee\/wp-json\/wp\/v2\/pages\/6938","targetHints":{"allow":["GET"]}}],"collection":[{"href":"https:\/\/www.villaederamalcesine.com\/gardasee\/wp-json\/wp\/v2\/pages"}],"about":[{"href":"https:\/\/www.villaederamalcesine.com\/gardasee\/wp-json\/wp\/v2\/types\/page"}],"author":[{"embeddable":true,"href":"https:\/\/www.villaederamalcesine.com\/gardasee\/wp-json\/wp\/v2\/users\/1"}],"replies":[{"embeddable":true,"href":"https:\/\/www.villaederamalcesine.com\/gardasee\/wp-json\/wp\/v2\/comments?post=6938"}],"version-history":[{"count":36,"href":"https:\/\/www.villaederamalcesine.com\/gardasee\/wp-json\/wp\/v2\/pages\/6938\/revisions"}],"predecessor-version":[{"id":7235,"href":"https:\/\/www.villaederamalcesine.com\/gardasee\/wp-json\/wp\/v2\/pages\/6938\/revisions\/7235"}],"wp:attachment":[{"href":"https:\/\/www.villaederamalcesine.com\/gardasee\/wp-json\/wp\/v2\/media?parent=6938"}],"curies":[{"name":"wp","href":"https:\/\/api.w.org\/{rel}","templated":true}]}}